{"id":150,"date":"2019-12-29T20:40:21","date_gmt":"2019-12-29T20:40:21","guid":{"rendered":"http:\/\/www.av-ffo91.de\/?page_id=150"},"modified":"2022-01-08T21:58:06","modified_gmt":"2022-01-08T20:58:06","slug":"datenschutzerklaerung","status":"publish","type":"page","link":"https:\/\/www.av-ffo91.de\/aktuelles\/datenschutzerklaerung\/","title":{"rendered":"Datenschutzerkl\u00e4rung"},"content":{"rendered":"\n<p><strong>Datenschutz<\/strong><br>Nachfolgend m\u00f6chten wir Sie \u00fcber unsere Datenschutzerkl\u00e4rung  informieren. Sie finden hier Informationen \u00fcber die Erhebung und  Verwendung pers\u00f6nlicher Daten bei der Nutzung unserer Webseite. Wir  beachten dabei das f\u00fcr Deutschland geltende Datenschutzrecht. Sie k\u00f6nnen  diese Erkl\u00e4rung jederzeit auf unserer Webseite abrufen.<\/p>\n\n\n\n<p>Wir \nweisen ausdr\u00fccklich darauf hin, dass die Daten\u00fcbertragung im Internet \n(z.B. bei der Kommunikation per E-Mail) Sicherheitsl\u00fccken aufweisen und \nnicht l\u00fcckenlos vor dem Zugriff durch Dritte gesch\u00fctzt werden kann.<\/p>\n\n\n\n<p>Die\n Verwendung der Kontaktdaten unseres Impressums zur gewerblichen Werbung\n ist ausdr\u00fccklich nicht erw\u00fcnscht, es sei denn wir hatten zuvor unsere \nschriftliche Einwilligung erteilt oder es besteht bereits eine \nGesch\u00e4ftsbeziehung. Der Anbieter und alle auf dieser Website genannten \nPersonen widersprechen hiermit jeder kommerziellen Verwendung und \nWeitergabe ihrer Daten.<\/p>\n\n\n\n<p><strong>Personenbezogene Daten<\/strong><br>\n Sie k\u00f6nnen unsere Webseite ohne Angabe personenbezogener Daten \nbesuchen. Soweit auf unseren Seiten personenbezogene Daten (wie Name, \nAnschrift oder E-Mail Adresse) erhoben werden, erfolgt dies, soweit \nm\u00f6glich, auf freiwilliger Basis. Diese Daten werden ohne Ihre \nausdr\u00fcckliche Zustimmung nicht an Dritte weitergegeben. Sofern zwischen \nIhnen und uns ein Vertragsverh\u00e4ltnis begr\u00fcndet, inhaltlich ausgestaltet \noder ge\u00e4ndert werden soll oder Sie an uns eine Anfrage stellen, erheben \nund verwenden wir personenbezogene Daten von Ihnen, soweit dies zu \ndiesen Zwecken erforderlich ist (Bestandsdaten). Wir erheben, \nverarbeiten und nutzen personenbezogene Daten soweit dies erforderlich \nist, um Ihnen die Inanspruchnahme des Webangebots zu erm\u00f6glichen \n(Nutzungsdaten). S\u00e4mtliche personenbezogenen Daten werden nur solange \ngespeichert wie dies f\u00fcr den geannten Zweck (Bearbeitung Ihrer Anfrage \noder Abwicklung eines Vertrags) erforderlich ist. Hierbei werden steuer-\n und handelsrechtliche Aufbewahrungsfristen ber\u00fccksichtigt. Auf \nAnordnung der zust\u00e4ndigen Stellen d\u00fcrfen wir im Einzelfall Auskunft \u00fcber\n diese Daten (Bestandsdaten) erteilen, soweit dies f\u00fcr Zwecke der \nStrafverfolgung, zur Gefahrenabwehr, zur Erf\u00fcllung der gesetzlichen \nAufgaben der Verfassungsschutzbeh\u00f6rden oder des Milit\u00e4rischen \nAbschirmdienstes oder zur Durchsetzung der Rechte am geistigen Eigentum \nerforderlich ist.<\/p>\n\n\n\n<p><strong>Auskunftsrecht<\/strong><br>\n Sie haben das jederzeitige Recht, sich unentgeltlich und unverz\u00fcglich \n\u00fcber die zu Ihrer Person erhobenen Daten zu erkundigen. Sie haben das \njederzeitige Recht, Ihre Zustimmung zur Verwendung Ihrer angegeben \npers\u00f6nlichen Daten mit Wirkung f\u00fcr die Zukunft zu widerrufen. Zur \nAuskunftserteilung wenden Sie sich bitte an den Anbieter unter den \nKontaktdaten im Impressum.<\/p>\n","protected":false},"excerpt":{"rendered":"<p>DatenschutzNachfolgend m\u00f6chten wir Sie \u00fcber unsere Datenschutzerkl\u00e4rung informieren. Sie finden hier Informationen \u00fcber die Erhebung und Verwendung pers\u00f6nlicher Daten bei der Nutzung unserer Webseite. Wir beachten dabei das f\u00fcr Deutschland geltende Datenschutzrecht. Sie k\u00f6nnen diese Erkl\u00e4rung jederzeit auf unserer Webseite abrufen. Wir weisen ausdr\u00fccklich darauf hin, dass die Daten\u00fcbertragung im Internet (z.B. bei der Kommunikation [&hellip;]<\/p>\n","protected":false},"author":1,"featured_media":0,"parent":0,"menu_order":0,"comment_status":"closed","ping_status":"closed","template":"","meta":{"_mc_calendar":[],"footnotes":""},"class_list":["post-150","page","type-page","status-publish","hentry"],"yoast_head":"<!-- This site is optimized with the Yoast SEO plugin v27.5 - https:\/\/yoast.com\/product\/yoast-seo-wordpress\/ -->\n<title>Datenschutzerkl\u00e4rung - Angelverein Frankfurt (O) 91 e.V.<\/title>\n<meta name=\"robots\" content=\"index, follow, max-snippet:-1, max-image-preview:large, max-video-preview:-1\" \/>\n<link rel=\"canonical\" href=\"https:\/\/www.av-ffo91.de\/aktuelles\/datenschutzerklaerung\/\" \/>\n<meta property=\"og:locale\" content=\"de_DE\" \/>\n<meta property=\"og:type\" content=\"article\" \/>\n<meta property=\"og:title\" content=\"Datenschutzerkl\u00e4rung - Angelverein Frankfurt (O) 91 e.V.\" \/>\n<meta property=\"og:description\" content=\"DatenschutzNachfolgend m\u00f6chten wir Sie \u00fcber unsere Datenschutzerkl\u00e4rung informieren. Sie finden hier Informationen \u00fcber die Erhebung und Verwendung pers\u00f6nlicher Daten bei der Nutzung unserer Webseite. Wir beachten dabei das f\u00fcr Deutschland geltende Datenschutzrecht. Sie k\u00f6nnen diese Erkl\u00e4rung jederzeit auf unserer Webseite abrufen. Wir weisen ausdr\u00fccklich darauf hin, dass die Daten\u00fcbertragung im Internet (z.B. bei der Kommunikation [&hellip;]\" \/>\n<meta property=\"og:url\" content=\"https:\/\/www.av-ffo91.de\/aktuelles\/datenschutzerklaerung\/\" \/>\n<meta property=\"og:site_name\" content=\"Angelverein Frankfurt (O) 91 e.V.\" \/>\n<meta property=\"article:modified_time\" content=\"2022-01-08T20:58:06+00:00\" \/>\n<meta name=\"twitter:card\" content=\"summary_large_image\" \/>\n<meta name=\"twitter:label1\" content=\"Gesch\u00e4tzte Lesezeit\" \/>\n\t<meta name=\"twitter:data1\" content=\"2\u00a0Minuten\" \/>\n<script type=\"application\/ld+json\" class=\"yoast-schema-graph\">{\"@context\":\"https:\\\/\\\/schema.org\",\"@graph\":[{\"@type\":\"WebPage\",\"@id\":\"https:\\\/\\\/www.av-ffo91.de\\\/aktuelles\\\/datenschutzerklaerung\\\/\",\"url\":\"https:\\\/\\\/www.av-ffo91.de\\\/aktuelles\\\/datenschutzerklaerung\\\/\",\"name\":\"Datenschutzerkl\u00e4rung - Angelverein Frankfurt (O) 91 e.V.\",\"isPartOf\":{\"@id\":\"https:\\\/\\\/www.av-ffo91.de\\\/aktuelles\\\/#website\"},\"datePublished\":\"2019-12-29T20:40:21+00:00\",\"dateModified\":\"2022-01-08T20:58:06+00:00\",\"breadcrumb\":{\"@id\":\"https:\\\/\\\/www.av-ffo91.de\\\/aktuelles\\\/datenschutzerklaerung\\\/#breadcrumb\"},\"inLanguage\":\"de\",\"potentialAction\":[{\"@type\":\"ReadAction\",\"target\":[\"https:\\\/\\\/www.av-ffo91.de\\\/aktuelles\\\/datenschutzerklaerung\\\/\"]}]},{\"@type\":\"BreadcrumbList\",\"@id\":\"https:\\\/\\\/www.av-ffo91.de\\\/aktuelles\\\/datenschutzerklaerung\\\/#breadcrumb\",\"itemListElement\":[{\"@type\":\"ListItem\",\"position\":1,\"name\":\"Startseite\",\"item\":\"https:\\\/\\\/www.av-ffo91.de\\\/aktuelles\\\/\"},{\"@type\":\"ListItem\",\"position\":2,\"name\":\"Datenschutzerkl\u00e4rung\"}]},{\"@type\":\"WebSite\",\"@id\":\"https:\\\/\\\/www.av-ffo91.de\\\/aktuelles\\\/#website\",\"url\":\"https:\\\/\\\/www.av-ffo91.de\\\/aktuelles\\\/\",\"name\":\"Angelverein Frankfurt (O) 91 e.V.\",\"description\":\"Hier finden Sie Informationen \u00fcber unseren Anglerverein in Frankfurt (O) 91.E.V., das Angeln in und um Frankfurt (Oder))\",\"publisher\":{\"@id\":\"https:\\\/\\\/www.av-ffo91.de\\\/aktuelles\\\/#organization\"},\"potentialAction\":[{\"@type\":\"SearchAction\",\"target\":{\"@type\":\"EntryPoint\",\"urlTemplate\":\"https:\\\/\\\/www.av-ffo91.de\\\/aktuelles\\\/?s={search_term_string}\"},\"query-input\":{\"@type\":\"PropertyValueSpecification\",\"valueRequired\":true,\"valueName\":\"search_term_string\"}}],\"inLanguage\":\"de\"},{\"@type\":\"Organization\",\"@id\":\"https:\\\/\\\/www.av-ffo91.de\\\/aktuelles\\\/#organization\",\"name\":\"Anglerverein Frankfurt (O) 91 e.V.\",\"url\":\"https:\\\/\\\/www.av-ffo91.de\\\/aktuelles\\\/\",\"logo\":{\"@type\":\"ImageObject\",\"inLanguage\":\"de\",\"@id\":\"https:\\\/\\\/www.av-ffo91.de\\\/aktuelles\\\/#\\\/schema\\\/logo\\\/image\\\/\",\"url\":\"https:\\\/\\\/www.av-ffo91.de\\\/wp-content\\\/uploads\\\/2019\\\/12\\\/Wappen_Favicon.ico\",\"contentUrl\":\"https:\\\/\\\/www.av-ffo91.de\\\/wp-content\\\/uploads\\\/2019\\\/12\\\/Wappen_Favicon.ico\",\"width\":16,\"height\":16,\"caption\":\"Anglerverein Frankfurt (O) 91 e.V.\"},\"image\":{\"@id\":\"https:\\\/\\\/www.av-ffo91.de\\\/aktuelles\\\/#\\\/schema\\\/logo\\\/image\\\/\"}}]}<\/script>\n<!-- \/ Yoast SEO plugin. -->","yoast_head_json":{"title":"Datenschutzerkl\u00e4rung - Angelverein Frankfurt (O) 91 e.V.","robots":{"index":"index","follow":"follow","max-snippet":"max-snippet:-1","max-image-preview":"max-image-preview:large","max-video-preview":"max-video-preview:-1"},"canonical":"https:\/\/www.av-ffo91.de\/aktuelles\/datenschutzerklaerung\/","og_locale":"de_DE","og_type":"article","og_title":"Datenschutzerkl\u00e4rung - Angelverein Frankfurt (O) 91 e.V.","og_description":"DatenschutzNachfolgend m\u00f6chten wir Sie \u00fcber unsere Datenschutzerkl\u00e4rung informieren. Sie finden hier Informationen \u00fcber die Erhebung und Verwendung pers\u00f6nlicher Daten bei der Nutzung unserer Webseite. Wir beachten dabei das f\u00fcr Deutschland geltende Datenschutzrecht. Sie k\u00f6nnen diese Erkl\u00e4rung jederzeit auf unserer Webseite abrufen. Wir weisen ausdr\u00fccklich darauf hin, dass die Daten\u00fcbertragung im Internet (z.B. bei der Kommunikation [&hellip;]","og_url":"https:\/\/www.av-ffo91.de\/aktuelles\/datenschutzerklaerung\/","og_site_name":"Angelverein Frankfurt (O) 91 e.V.","article_modified_time":"2022-01-08T20:58:06+00:00","twitter_card":"summary_large_image","twitter_misc":{"Gesch\u00e4tzte Lesezeit":"2\u00a0Minuten"},"schema":{"@context":"https:\/\/schema.org","@graph":[{"@type":"WebPage","@id":"https:\/\/www.av-ffo91.de\/aktuelles\/datenschutzerklaerung\/","url":"https:\/\/www.av-ffo91.de\/aktuelles\/datenschutzerklaerung\/","name":"Datenschutzerkl\u00e4rung - Angelverein Frankfurt (O) 91 e.V.","isPartOf":{"@id":"https:\/\/www.av-ffo91.de\/aktuelles\/#website"},"datePublished":"2019-12-29T20:40:21+00:00","dateModified":"2022-01-08T20:58:06+00:00","breadcrumb":{"@id":"https:\/\/www.av-ffo91.de\/aktuelles\/datenschutzerklaerung\/#breadcrumb"},"inLanguage":"de","potentialAction":[{"@type":"ReadAction","target":["https:\/\/www.av-ffo91.de\/aktuelles\/datenschutzerklaerung\/"]}]},{"@type":"BreadcrumbList","@id":"https:\/\/www.av-ffo91.de\/aktuelles\/datenschutzerklaerung\/#breadcrumb","itemListElement":[{"@type":"ListItem","position":1,"name":"Startseite","item":"https:\/\/www.av-ffo91.de\/aktuelles\/"},{"@type":"ListItem","position":2,"name":"Datenschutzerkl\u00e4rung"}]},{"@type":"WebSite","@id":"https:\/\/www.av-ffo91.de\/aktuelles\/#website","url":"https:\/\/www.av-ffo91.de\/aktuelles\/","name":"Angelverein Frankfurt (O) 91 e.V.","description":"Hier finden Sie Informationen \u00fcber unseren Anglerverein in Frankfurt (O) 91.E.V., das Angeln in und um Frankfurt (Oder))","publisher":{"@id":"https:\/\/www.av-ffo91.de\/aktuelles\/#organization"},"potentialAction":[{"@type":"SearchAction","target":{"@type":"EntryPoint","urlTemplate":"https:\/\/www.av-ffo91.de\/aktuelles\/?s={search_term_string}"},"query-input":{"@type":"PropertyValueSpecification","valueRequired":true,"valueName":"search_term_string"}}],"inLanguage":"de"},{"@type":"Organization","@id":"https:\/\/www.av-ffo91.de\/aktuelles\/#organization","name":"Anglerverein Frankfurt (O) 91 e.V.","url":"https:\/\/www.av-ffo91.de\/aktuelles\/","logo":{"@type":"ImageObject","inLanguage":"de","@id":"https:\/\/www.av-ffo91.de\/aktuelles\/#\/schema\/logo\/image\/","url":"https:\/\/www.av-ffo91.de\/wp-content\/uploads\/2019\/12\/Wappen_Favicon.ico","contentUrl":"https:\/\/www.av-ffo91.de\/wp-content\/uploads\/2019\/12\/Wappen_Favicon.ico","width":16,"height":16,"caption":"Anglerverein Frankfurt (O) 91 e.V."},"image":{"@id":"https:\/\/www.av-ffo91.de\/aktuelles\/#\/schema\/logo\/image\/"}}]}},"_links":{"self":[{"href":"https:\/\/www.av-ffo91.de\/aktuelles\/wp-json\/wp\/v2\/pages\/150","targetHints":{"allow":["GET"]}}],"collection":[{"href":"https:\/\/www.av-ffo91.de\/aktuelles\/wp-json\/wp\/v2\/pages"}],"about":[{"href":"https:\/\/www.av-ffo91.de\/aktuelles\/wp-json\/wp\/v2\/types\/page"}],"author":[{"embeddable":true,"href":"https:\/\/www.av-ffo91.de\/aktuelles\/wp-json\/wp\/v2\/users\/1"}],"replies":[{"embeddable":true,"href":"https:\/\/www.av-ffo91.de\/aktuelles\/wp-json\/wp\/v2\/comments?post=150"}],"version-history":[{"count":2,"href":"https:\/\/www.av-ffo91.de\/aktuelles\/wp-json\/wp\/v2\/pages\/150\/revisions"}],"predecessor-version":[{"id":777,"href":"https:\/\/www.av-ffo91.de\/aktuelles\/wp-json\/wp\/v2\/pages\/150\/revisions\/777"}],"wp:attachment":[{"href":"https:\/\/www.av-ffo91.de\/aktuelles\/wp-json\/wp\/v2\/media?parent=150"}],"curies":[{"name":"wp","href":"https:\/\/api.w.org\/{rel}","templated":true}]}}